{"id":640,"date":"2021-02-21T12:19:40","date_gmt":"2021-02-21T11:19:40","guid":{"rendered":"https:\/\/www.campingplatz-ankergrund.de\/?page_id=640"},"modified":"2026-03-26T11:41:46","modified_gmt":"2026-03-26T10:41:46","slug":"gastronomie","status":"publish","type":"page","link":"https:\/\/www.campingplatz-ankergrund.de\/index.php\/gastronomie\/","title":{"rendered":"Gastronomie"},"content":{"rendered":"<div class=\"brz brz-root__container brz-reset-all brz-root__container-page\" >\n<section id=\"dvpuuutzfwqibkzmimuplfezmpnzdgblxjif_dvpuuutzfwqibkzmimuplfezmpnzdgblxjif\" class=\"brz-section brz-css-d-section brz-css-1f914rf\">\n<div class=\"brz-section__content brz-section--boxed brz-css-d-sectionitem-bg brz-css-40uel8\" data-brz-custom-id=\"yummkggpmcoptrftazjlapxjmowecdeqvlud\">\n<div class=\"brz-container brz-css-d-sectionitem-container brz-css-1lub63b\">\n<div id=\"\" class=\"brz-css-d-wrapper brz-css-1h1riqb brz-wrapper\">\n<div class=\"brz-rich-text brz-rich-text__custom brz-css-d-richtext brz-css-11wgusj\" data-brz-custom-id=\"syiqlqrfctzzjraidgvacglzfjqlizgupytc\">\n<div data-brz-translate-text=\"1\">\n<p class=\"brz-tp-heading1 brz-text-lg-center brz-css-ufMlp\"><span class=\"brz-cp-color3\">Gastronomie<\/span><\/p>\n<\/div>\n<\/div>\n<\/div>\n<\/div>\n<\/div>\n<\/section>\n<section id=\"gaaexcweeaseorrkeiwinmoxjtaihgdyplkv_gaaexcweeaseorrkeiwinmoxjtaihgdyplkv\" class=\"brz-section brz-css-d-section brz-css-17eh94i\">\n<div class=\"brz-section__content brz-section--boxed brz-css-d-sectionitem-bg brz-css-1wflrev\" data-brz-custom-id=\"edbkbvtqmxnyyiftdsdcjauwklvbwsyaxibi\">\n<div class=\"brz-bg\">\n<div class=\"brz-bg-image brz-bg-image-parallax\"><\/div>\n<\/div>\n<div class=\"brz-container brz-css-d-sectionitem-container brz-css-18olz2t\">\n<div id=\"\" class=\"brz-css-d-wrapper brz-css-e2zuvi brz-wrapper\">\n<div class=\"brz-rich-text brz-rich-text__custom brz-css-d-richtext brz-css-10l9b7w\" data-brz-custom-id=\"mppphuhcmqxfqoleovebnxxursxsrlzckiyf\">\n<div data-brz-translate-text=\"1\">\n<p class=\"brz-tp-heading6 brz-css-wIFxO\"><span class=\"brz-cp-color8\">Unser Biergarten mit dem legend\u00e4ren \u201eAnkergrund-Fass\u201c zum gem\u00fctlichen Feiern und Genie\u00dfen<\/span><\/p>\n<\/div>\n<\/div>\n<\/div>\n<div id=\"\" class=\"brz-css-d-wrapper brz-css-1exll9o brz-wrapper\">\n<div class=\"brz-image brz-css-d-image-nrugsptwqxbvgruooicnwzubwawkzitdansc-parent brz-css-9o5tmw\" data-brz-custom-id=\"nrugsptwqxbvgruooicnwzubwawkzitdansc\"><picture class=\"brz-picture brz-d-block brz-p-relative brz-css-d-image-nrugsptwqxbvgruooicnwzubwawkzitdansc-picture brz-css-1oxydsl\"><source srcset=\"https:\/\/www.campingplatz-ankergrund.de\/wp-content\/uploads\/brizy\/imgs\/31497baa2e00e112452502d07b26aff1-1205x405x18x0x1170x405x1764244384.jpg 1x, https:\/\/www.campingplatz-ankergrund.de\/wp-content\/uploads\/brizy\/imgs\/31497baa2e00e112452502d07b26aff1-2410x810x36x0x2340x810x1764244384.jpg 2x\" media=\"(min-width: 992px)\"><source srcset=\"https:\/\/www.campingplatz-ankergrund.de\/wp-content\/uploads\/brizy\/imgs\/31497baa2e00e112452502d07b26aff1-791x266x12x0x768x266x1764244384.jpg 1x, https:\/\/www.campingplatz-ankergrund.de\/wp-content\/uploads\/brizy\/imgs\/31497baa2e00e112452502d07b26aff1-1582x532x24x0x1536x532x1764244384.jpg 2x\" media=\"(min-width: 768px)\"><img decoding=\"async\" class=\"brz-img\" srcset=\"https:\/\/www.campingplatz-ankergrund.de\/wp-content\/uploads\/brizy\/imgs\/31497baa2e00e112452502d07b26aff1-443x149x6x0x430x149x1764244384.jpg 1x, https:\/\/www.campingplatz-ankergrund.de\/wp-content\/uploads\/brizy\/imgs\/31497baa2e00e112452502d07b26aff1-886x298x12x0x860x298x1764244384.jpg 2x\" src=\"https:\/\/www.campingplatz-ankergrund.de\/wp-content\/uploads\/brizy\/imgs\/31497baa2e00e112452502d07b26aff1-1205x405x18x0x1170x405x1764244384.jpg\" loading=\"lazy\" alt=\"\" title=\"31497baa2e00e112452502d07b26aff1.jpg\" draggable=\"false\"><\/picture><\/div>\n<\/div>\n<\/div>\n<\/div>\n<\/section>\n<section id=\"oiygeotvirbygalokeyznfbqdkcxyywqnqdy_oiygeotvirbygalokeyznfbqdkcxyywqnqdy\" class=\"brz-section brz-css-d-section brz-css-13ti6zd\">\n<div class=\"brz-section__content brz-section--boxed brz-css-d-sectionitem-bg brz-css-4knsuv\" data-brz-custom-id=\"rurviwlcbgtxbdoursvmpxbdwucpcatxrpjz\">\n<div class=\"brz-container brz-css-d-sectionitem-container brz-css-1odk9l0\">\n<div id=\"\" class=\"brz-css-d-wrapper brz-css-1jztuvo brz-wrapper\">\n<div class=\"brz-rich-text brz-rich-text__custom brz-css-d-richtext brz-css-16f11nk\" data-brz-custom-id=\"yblhydrpqqgymncftckvpvvefwxgpfqsiwyn\">\n<div data-brz-translate-text=\"1\">\n<p class=\"brz-text-lg-center brz-tp-lg-paragraph brz-css-gMhgT\" data-uniq-id=\"mA3d1\" data-generated-css=\"brz-css-t7nLg\"><span class=\"brz-cp-color7\">Schade, dass man unsere G\u00e4ste auf den Fotos nicht lachen h\u00f6rt, denn&nbsp;in unserem Biergarten&nbsp;sitzt man sehr gem\u00fctlich bei einem oder zwei Schoppen Frankenwein aus der Region zusammen. Genie\u00dfen Sie&nbsp;eine fr\u00e4nkische Brotzeit oder einen&nbsp;kleinen Snack dazu, wir versorgen Sie gerne.<\/span><\/p>\n<p class=\"brz-text-lg-center brz-tp-lg-paragraph brz-css-xHKU5\" data-uniq-id=\"iCzW6\" data-generated-css=\"brz-css-azpk8\"><span class=\"brz-cp-color7\"> <\/span><\/p>\n<p class=\"brz-text-lg-center brz-tp-lg-paragraph brz-css-mSyS9\" data-uniq-id=\"yRAQq\" data-generated-css=\"brz-css-ensXx\"><span class=\"brz-cp-color7\">Sollte der Wettergott ausnahmsweise&nbsp;etwas schlechte Laune haben, sch\u00fctzt Sie die Pergola vor ungewolltem Nass von oben. Gegen zu starke Sonneneinstrahlung sind wir mit Markise und Schirme gewappnet. Sonnenanbeter finden genauso ihren Lieblingsplatz, wie z. B. Romantiker in unserem lauschigen Ankergrund-Fass.<\/span><\/p>\n<p class=\"brz-text-lg-center brz-tp-lg-paragraph brz-css-w95sa\" data-uniq-id=\"efuFQ\" data-generated-css=\"brz-css-qg8pR\"><span class=\"brz-cp-color7\"> Wir haben f\u00fcr so ziemlich alle W\u00fcnsche vorgesorgt, damit Sie sich rundum wohlf\u00fchlen.<\/span><\/p>\n<p class=\"brz-text-lg-center brz-tp-lg-paragraph brz-css-y8UzJ\" data-uniq-id=\"sMf9O\" data-generated-css=\"brz-css-oeFuH\"><span class=\"brz-cp-color7\"> <\/span><\/p>\n<p class=\"brz-text-lg-center brz-tp-lg-paragraph brz-css-aefEz\" data-uniq-id=\"j7DgU\" data-generated-css=\"brz-css-sLdTL\"><span class=\"brz-cp-color7\">Selbstverst\u00e4ndlich bekommen Sie bei uns auch feine&nbsp;Kaffeevariationen und leckeren&nbsp;Kuchen dazu. Gasth\u00e4user und Heckenwirtschaften in Volkach erreichen sie in zehn Minuten zu Fu\u00df durch die Lindenallee.<\/span><\/p>\n<p class=\"brz-text-lg-center brz-tp-lg-paragraph brz-css-oQ2HP\" data-uniq-id=\"pwNJS\" data-generated-css=\"brz-css-xO5gT\"><\/p>\n<p class=\"brz-text-lg-center brz-tp-lg-paragraph brz-css-eXfUc\" data-uniq-id=\"c_ib4\" data-generated-css=\"brz-css-vtYDU\"><strong class=\"brz-cp-color7\"> \u00d6ffnungszeiten Biergarten:<\/strong><span class=\"brz-cp-color7\">&nbsp;Mi. &#8211; So.&nbsp;von 8.00 bis 13.00 Uhr und von 15.00 bis 20.00 Uhr, ab September bis 19.00 Uhr.<\/span><\/p>\n<p class=\"brz-text-lg-center brz-tp-lg-paragraph brz-css-jgQyU\" data-uniq-id=\"ftxQP\" data-generated-css=\"brz-css-hLxGz\"><span class=\"brz-cp-color7\">Speisen ab 15.30 Uhr.<\/span><\/p>\n<p class=\"brz-text-lg-center brz-tp-lg-paragraph brz-css-aaUCS\" data-uniq-id=\"vUE1M\" data-generated-css=\"brz-css-xMNkh\"><strong class=\"brz-cp-color7\">Montag und Dienstag hat unser Biergarten Ruhetag.<\/strong><\/p>\n<\/div>\n<\/div>\n<\/div>\n<\/div>\n<\/div>\n<\/section>\n<section id=\"qpxbpqhxtejjmuzktliqxkdskdkyxctliuxh_qpxbpqhxtejjmuzktliqxkdskdkyxctliuxh\" class=\"brz-section brz-css-d-section brz-css-1co036s\">\n<div class=\"brz-section__content brz-section--boxed brz-css-d-sectionitem-bg brz-css-7qqz96\" data-brz-custom-id=\"cyejtrbyhfdkadydntrkrzmuncirkqqdinop\">\n<div class=\"brz-bg\">\n<div class=\"brz-bg-image brz-bg-image-parallax\"><\/div>\n<\/div>\n<div class=\"brz-container brz-css-d-sectionitem-container brz-css-1leaukf\">\n<div class=\"brz-row__container brz-css-d-row-row brz-css-10w0hr9\" data-brz-custom-id=\"iszwsewgagwqrpcqtucyiscliyxzxosrtgla\">\n<div class=\"brz-row brz-css-d-row-container brz-css-r-row-container brz-css-bbrcsa\">\n<div class=\"brz-columns brz-css-d-column-column brz-css-bno1hf\" data-brz-custom-id=\"lgnwagdkjnekiragmpynctesjifengerkzte\">\n<div class=\"brz-column__items brz-css-d-column-bg brz-css-kcz16h\">\n<div id=\"\" class=\"brz-css-d-wrapper brz-css-8s7z44 brz-wrapper\">\n<div class=\"brz-rich-text brz-rich-text__custom brz-css-d-richtext brz-css-1cu9m1n\" data-brz-custom-id=\"rrvkggznctvtjlxccbvakolkqwecyokbtupk\">\n<div data-brz-translate-text=\"1\">\n<p class=\"brz-tp-heading6 brz-css-a2LtV\"><span class=\"brz-cp-color8\">W\u00e4hlen Sie Ihr Pl\u00e4tzchen \u2026<\/span><\/p>\n<\/div>\n<\/div>\n<\/div>\n<div id=\"\" class=\"brz-css-d-wrapper brz-css-1l68nvn brz-wrapper\">\n<div class=\"brz-image brz-css-d-image-ktptokouyoqdpurxppenazpfmfzqzbzqpzww-parent brz-css-16fk8ln\" data-brz-custom-id=\"ktptokouyoqdpurxppenazpfmfzqzbzqpzww\"><picture class=\"brz-picture brz-d-block brz-p-relative brz-css-d-image-ktptokouyoqdpurxppenazpfmfzqzbzqpzww-picture brz-css-vvrxa\"><source srcset=\"https:\/\/www.campingplatz-ankergrund.de\/wp-content\/uploads\/brizy\/imgs\/Biergarten-412x275x26x3x360x269x1764244449.jpg 1x, https:\/\/www.campingplatz-ankergrund.de\/wp-content\/uploads\/brizy\/imgs\/Biergarten-824x550x52x6x720x538x1764244449.jpg 2x\" media=\"(min-width: 992px)\"><source srcset=\"https:\/\/www.campingplatz-ankergrund.de\/wp-content\/uploads\/brizy\/imgs\/Biergarten-259x172x17x2x226x169x1764244449.jpg 1x, https:\/\/www.campingplatz-ankergrund.de\/wp-content\/uploads\/brizy\/imgs\/Biergarten-518x344x34x4x452x338x1764244449.jpg 2x\" media=\"(min-width: 768px)\"><img decoding=\"async\" class=\"brz-img\" srcset=\"https:\/\/www.campingplatz-ankergrund.de\/wp-content\/uploads\/brizy\/imgs\/Biergarten-493x329x32x3x430x322x1764244449.jpg 1x, https:\/\/www.campingplatz-ankergrund.de\/wp-content\/uploads\/brizy\/imgs\/Biergarten-986x658x64x6x860x644x1764244449.jpg 2x\" src=\"https:\/\/www.campingplatz-ankergrund.de\/wp-content\/uploads\/brizy\/imgs\/Biergarten-412x275x26x3x360x269x1764244449.jpg\" loading=\"lazy\" alt=\"Biergarten\" title=\"Biergarten\" draggable=\"false\"><\/picture><\/div>\n<\/div>\n<\/div>\n<\/div>\n<div class=\"brz-columns brz-css-d-column-column brz-css-jrz70g\" data-brz-custom-id=\"uxxbtnoxaufwkjprthviffbhcztqpvywufan\">\n<div class=\"brz-column__items brz-css-d-column-bg brz-css-1pa6x10\">\n<div id=\"\" class=\"brz-css-d-wrapper brz-css-h81gof brz-wrapper\">\n<div class=\"brz-rich-text brz-rich-text__custom brz-css-d-richtext brz-css-bs23kl\" data-brz-custom-id=\"ajnrgzmoctmnknskmkeqbytbzpylugoplatv\">\n<div data-brz-translate-text=\"1\">\n<p class=\"brz-tp-heading6 brz-css-v6g9b\"><span class=\"brz-cp-color8\">unter der Pergola, Markise \u2026<\/span><\/p>\n<\/div>\n<\/div>\n<\/div>\n<div id=\"\" class=\"brz-css-d-wrapper brz-css-duv561 brz-wrapper\">\n<div class=\"brz-image brz-css-d-image-tnpbnrirfdhemlcfmdjlqzwugcuccuxccuqb-parent brz-css-1cxyczj\" data-brz-custom-id=\"tnpbnrirfdhemlcfmdjlqzwugcuccuxccuqb\"><picture class=\"brz-picture brz-d-block brz-p-relative brz-css-d-image-tnpbnrirfdhemlcfmdjlqzwugcuccuxccuqb-picture brz-css-1w4nir\"><source srcset=\"https:\/\/www.campingplatz-ankergrund.de\/wp-content\/uploads\/brizy\/imgs\/43d55c2f1cf6ca8488359a7bc4837552-385x269x13x0x360x269x1764244475.jpg 1x, https:\/\/www.campingplatz-ankergrund.de\/wp-content\/uploads\/brizy\/imgs\/43d55c2f1cf6ca8488359a7bc4837552-770x538x26x0x720x538x1764244475.jpg 2x\" media=\"(min-width: 992px)\"><source srcset=\"https:\/\/www.campingplatz-ankergrund.de\/wp-content\/uploads\/brizy\/imgs\/43d55c2f1cf6ca8488359a7bc4837552-242x169x8x0x226x169x1764244475.jpg 1x, https:\/\/www.campingplatz-ankergrund.de\/wp-content\/uploads\/brizy\/imgs\/43d55c2f1cf6ca8488359a7bc4837552-484x338x16x0x452x338x1764244475.jpg 2x\" media=\"(min-width: 768px)\"><img decoding=\"async\" class=\"brz-img\" srcset=\"https:\/\/www.campingplatz-ankergrund.de\/wp-content\/uploads\/brizy\/imgs\/43d55c2f1cf6ca8488359a7bc4837552-460x322x15x0x430x322x1764244475.jpg 1x, https:\/\/www.campingplatz-ankergrund.de\/wp-content\/uploads\/brizy\/imgs\/43d55c2f1cf6ca8488359a7bc4837552-920x644x30x0x860x644x1764244475.jpg 2x\" src=\"https:\/\/www.campingplatz-ankergrund.de\/wp-content\/uploads\/brizy\/imgs\/43d55c2f1cf6ca8488359a7bc4837552-385x269x13x0x360x269x1764244475.jpg\" loading=\"lazy\" alt=\"\" title=\"43d55c2f1cf6ca8488359a7bc4837552.jpg\" draggable=\"false\"><\/picture><\/div>\n<\/div>\n<\/div>\n<\/div>\n<div class=\"brz-columns brz-css-d-column-column brz-css-1vj63gj\" data-brz-custom-id=\"jpncvgvtezusvidigkvbsdrbiskczypnbkbg\">\n<div class=\"brz-column__items brz-css-d-column-bg brz-css-mgqw79\">\n<div id=\"\" class=\"brz-css-d-wrapper brz-css-qkr4ut brz-wrapper\">\n<div class=\"brz-rich-text brz-rich-text__custom brz-css-d-richtext brz-css-p3gkb\" data-brz-custom-id=\"podadogwljcguyqrdjxsfxdqphmlbtgggrsz\">\n<div data-brz-translate-text=\"1\">\n<p class=\"brz-tp-heading6 brz-css-kfBAC\"><span class=\"brz-cp-color8\">\u2026 oder im (Bier)Garten<\/span><\/p>\n<\/div>\n<\/div>\n<\/div>\n<div id=\"\" class=\"brz-css-d-wrapper brz-css-1y6l070 brz-wrapper\">\n<div class=\"brz-image brz-css-d-image-aovsxxnqkragbfwbnkpbosvbpryxbxslwicp-parent brz-css-12hou22\" data-brz-custom-id=\"aovsxxnqkragbfwbnkpbosvbpryxbxslwicp\"><picture class=\"brz-picture brz-d-block brz-p-relative brz-css-d-image-aovsxxnqkragbfwbnkpbosvbpryxbxslwicp-picture brz-css-1uimll6\"><source srcset=\"https:\/\/www.campingplatz-ankergrund.de\/wp-content\/uploads\/brizy\/imgs\/d9bf5aaf25c1c92510049467274b761e-386x270x13x0x361x270x1764244387.jpg 1x, https:\/\/www.campingplatz-ankergrund.de\/wp-content\/uploads\/brizy\/imgs\/d9bf5aaf25c1c92510049467274b761e-772x540x26x0x722x540x1764244387.jpg 2x\" media=\"(min-width: 992px)\"><source srcset=\"https:\/\/www.campingplatz-ankergrund.de\/wp-content\/uploads\/brizy\/imgs\/d9bf5aaf25c1c92510049467274b761e-242x170x8x0x227x170x1764244387.jpg 1x, https:\/\/www.campingplatz-ankergrund.de\/wp-content\/uploads\/brizy\/imgs\/d9bf5aaf25c1c92510049467274b761e-484x340x16x0x454x340x1764244387.jpg 2x\" media=\"(min-width: 768px)\"><img decoding=\"async\" class=\"brz-img\" srcset=\"https:\/\/www.campingplatz-ankergrund.de\/wp-content\/uploads\/brizy\/imgs\/d9bf5aaf25c1c92510049467274b761e-460x322x15x0x430x322x1764244387.jpg 1x, https:\/\/www.campingplatz-ankergrund.de\/wp-content\/uploads\/brizy\/imgs\/d9bf5aaf25c1c92510049467274b761e-920x644x30x0x860x644x1764244387.jpg 2x\" src=\"https:\/\/www.campingplatz-ankergrund.de\/wp-content\/uploads\/brizy\/imgs\/d9bf5aaf25c1c92510049467274b761e-386x270x13x0x361x270x1764244387.jpg\" loading=\"lazy\" alt=\"\" title=\"d9bf5aaf25c1c92510049467274b761e.jpg\" draggable=\"false\"><\/picture><\/div>\n<\/div>\n<\/div>\n<\/div>\n<\/div>\n<\/div>\n<\/div>\n<\/div>\n<\/section><\/div>\n<p><!-- version:1774521706 --><\/p>\n","protected":false},"excerpt":{"rendered":"<p>Gastronomie Unser Biergarten mit dem legend\u00e4ren \u201eAnkergrund-Fass\u201c zum gem\u00fctlichen Feiern und Genie\u00dfen Schade, dass man unsere G\u00e4ste auf den Fotos nicht lachen h\u00f6rt, denn&nbsp;in unserem Biergarten&nbsp;sitzt man sehr gem\u00fctlich bei einem oder zwei Schoppen Frankenwein aus der Region zusammen. Genie\u00dfen Sie&nbsp;eine fr\u00e4nkische Brotzeit oder einen&nbsp;kleinen Snack dazu, wir versorgen Sie gerne. Sollte der Wettergott ausnahmsweise&nbsp;etwas [&hellip;]<\/p>\n","protected":false},"author":2,"featured_media":0,"parent":0,"menu_order":0,"comment_status":"closed","ping_status":"closed","template":"brizy-blank-template.php","meta":{"footnotes":""},"class_list":["post-640","page","type-page","status-publish","hentry"],"yoast_head":"<!-- This site is optimized with the Yoast SEO plugin v27.5 - https:\/\/yoast.com\/product\/yoast-seo-wordpress\/ -->\n<title>Gastronomie - Campingplatz Ankergrund<\/title>\n<meta name=\"description\" content=\"In unserem Biergarten sitzt man sehr gem\u00fctlich bei einer fr\u00e4nkischen Brotzeit oder einem kleinen Snack beisammen.\" \/>\n<meta name=\"robots\" content=\"index, follow, max-snippet:-1, max-image-preview:large, max-video-preview:-1\" \/>\n<link rel=\"canonical\" href=\"https:\/\/www.campingplatz-ankergrund.de\/index.php\/gastronomie\/\" \/>\n<meta property=\"og:locale\" content=\"de_DE\" \/>\n<meta property=\"og:type\" content=\"article\" \/>\n<meta property=\"og:title\" content=\"Gastronomie - Campingplatz Ankergrund\" \/>\n<meta property=\"og:description\" content=\"In unserem Biergarten sitzt man sehr gem\u00fctlich bei einer fr\u00e4nkischen Brotzeit oder einem kleinen Snack beisammen.\" \/>\n<meta property=\"og:url\" content=\"https:\/\/www.campingplatz-ankergrund.de\/index.php\/gastronomie\/\" \/>\n<meta property=\"og:site_name\" content=\"Campingplatz Ankergrund\" \/>\n<meta property=\"article:modified_time\" content=\"2026-03-26T10:41:46+00:00\" \/>\n<meta property=\"og:image\" content=\"https:\/\/www.campingplatz-ankergrund.de\/wp-content\/uploads\/brizy\/imgs\/31497baa2e00e112452502d07b26aff1-1205x405x18x0x1170x405x1764244384.jpg\" \/>\n<meta name=\"twitter:card\" content=\"summary_large_image\" \/>\n<meta name=\"twitter:label1\" content=\"Gesch\u00e4tzte Lesezeit\" \/>\n\t<meta name=\"twitter:data1\" content=\"3\u00a0Minuten\" \/>\n<script type=\"application\/ld+json\" class=\"yoast-schema-graph\">{\"@context\":\"https:\\\/\\\/schema.org\",\"@graph\":[{\"@type\":\"WebPage\",\"@id\":\"https:\\\/\\\/www.campingplatz-ankergrund.de\\\/index.php\\\/gastronomie\\\/\",\"url\":\"https:\\\/\\\/www.campingplatz-ankergrund.de\\\/index.php\\\/gastronomie\\\/\",\"name\":\"Gastronomie - Campingplatz Ankergrund\",\"isPartOf\":{\"@id\":\"https:\\\/\\\/www.campingplatz-ankergrund.de\\\/#website\"},\"primaryImageOfPage\":{\"@id\":\"https:\\\/\\\/www.campingplatz-ankergrund.de\\\/index.php\\\/gastronomie\\\/#primaryimage\"},\"image\":{\"@id\":\"https:\\\/\\\/www.campingplatz-ankergrund.de\\\/index.php\\\/gastronomie\\\/#primaryimage\"},\"thumbnailUrl\":\"https:\\\/\\\/www.campingplatz-ankergrund.de\\\/wp-content\\\/uploads\\\/brizy\\\/imgs\\\/31497baa2e00e112452502d07b26aff1-1205x405x18x0x1170x405x1764244384.jpg\",\"datePublished\":\"2021-02-21T11:19:40+00:00\",\"dateModified\":\"2026-03-26T10:41:46+00:00\",\"description\":\"In unserem Biergarten sitzt man sehr gem\u00fctlich bei einer fr\u00e4nkischen Brotzeit oder einem kleinen Snack beisammen.\",\"inLanguage\":\"de\",\"potentialAction\":[{\"@type\":\"ReadAction\",\"target\":[\"https:\\\/\\\/www.campingplatz-ankergrund.de\\\/index.php\\\/gastronomie\\\/\"]}]},{\"@type\":\"ImageObject\",\"inLanguage\":\"de\",\"@id\":\"https:\\\/\\\/www.campingplatz-ankergrund.de\\\/index.php\\\/gastronomie\\\/#primaryimage\",\"url\":\"https:\\\/\\\/www.campingplatz-ankergrund.de\\\/wp-content\\\/uploads\\\/brizy\\\/imgs\\\/31497baa2e00e112452502d07b26aff1-1205x405x18x0x1170x405x1764244384.jpg\",\"contentUrl\":\"https:\\\/\\\/www.campingplatz-ankergrund.de\\\/wp-content\\\/uploads\\\/brizy\\\/imgs\\\/31497baa2e00e112452502d07b26aff1-1205x405x18x0x1170x405x1764244384.jpg\"},{\"@type\":\"WebSite\",\"@id\":\"https:\\\/\\\/www.campingplatz-ankergrund.de\\\/#website\",\"url\":\"https:\\\/\\\/www.campingplatz-ankergrund.de\\\/\",\"name\":\"Campingplatz Ankergrund\",\"description\":\"\",\"potentialAction\":[{\"@type\":\"SearchAction\",\"target\":{\"@type\":\"EntryPoint\",\"urlTemplate\":\"https:\\\/\\\/www.campingplatz-ankergrund.de\\\/?s={search_term_string}\"},\"query-input\":{\"@type\":\"PropertyValueSpecification\",\"valueRequired\":true,\"valueName\":\"search_term_string\"}}],\"inLanguage\":\"de\"}]}<\/script>\n<!-- \/ Yoast SEO plugin. -->","yoast_head_json":{"title":"Gastronomie - Campingplatz Ankergrund","description":"In unserem Biergarten sitzt man sehr gem\u00fctlich bei einer fr\u00e4nkischen Brotzeit oder einem kleinen Snack beisammen.","robots":{"index":"index","follow":"follow","max-snippet":"max-snippet:-1","max-image-preview":"max-image-preview:large","max-video-preview":"max-video-preview:-1"},"canonical":"https:\/\/www.campingplatz-ankergrund.de\/index.php\/gastronomie\/","og_locale":"de_DE","og_type":"article","og_title":"Gastronomie - Campingplatz Ankergrund","og_description":"In unserem Biergarten sitzt man sehr gem\u00fctlich bei einer fr\u00e4nkischen Brotzeit oder einem kleinen Snack beisammen.","og_url":"https:\/\/www.campingplatz-ankergrund.de\/index.php\/gastronomie\/","og_site_name":"Campingplatz Ankergrund","article_modified_time":"2026-03-26T10:41:46+00:00","og_image":[{"url":"https:\/\/www.campingplatz-ankergrund.de\/wp-content\/uploads\/brizy\/imgs\/31497baa2e00e112452502d07b26aff1-1205x405x18x0x1170x405x1764244384.jpg","type":"","width":"","height":""}],"twitter_card":"summary_large_image","twitter_misc":{"Gesch\u00e4tzte Lesezeit":"3\u00a0Minuten"},"schema":{"@context":"https:\/\/schema.org","@graph":[{"@type":"WebPage","@id":"https:\/\/www.campingplatz-ankergrund.de\/index.php\/gastronomie\/","url":"https:\/\/www.campingplatz-ankergrund.de\/index.php\/gastronomie\/","name":"Gastronomie - Campingplatz Ankergrund","isPartOf":{"@id":"https:\/\/www.campingplatz-ankergrund.de\/#website"},"primaryImageOfPage":{"@id":"https:\/\/www.campingplatz-ankergrund.de\/index.php\/gastronomie\/#primaryimage"},"image":{"@id":"https:\/\/www.campingplatz-ankergrund.de\/index.php\/gastronomie\/#primaryimage"},"thumbnailUrl":"https:\/\/www.campingplatz-ankergrund.de\/wp-content\/uploads\/brizy\/imgs\/31497baa2e00e112452502d07b26aff1-1205x405x18x0x1170x405x1764244384.jpg","datePublished":"2021-02-21T11:19:40+00:00","dateModified":"2026-03-26T10:41:46+00:00","description":"In unserem Biergarten sitzt man sehr gem\u00fctlich bei einer fr\u00e4nkischen Brotzeit oder einem kleinen Snack beisammen.","inLanguage":"de","potentialAction":[{"@type":"ReadAction","target":["https:\/\/www.campingplatz-ankergrund.de\/index.php\/gastronomie\/"]}]},{"@type":"ImageObject","inLanguage":"de","@id":"https:\/\/www.campingplatz-ankergrund.de\/index.php\/gastronomie\/#primaryimage","url":"https:\/\/www.campingplatz-ankergrund.de\/wp-content\/uploads\/brizy\/imgs\/31497baa2e00e112452502d07b26aff1-1205x405x18x0x1170x405x1764244384.jpg","contentUrl":"https:\/\/www.campingplatz-ankergrund.de\/wp-content\/uploads\/brizy\/imgs\/31497baa2e00e112452502d07b26aff1-1205x405x18x0x1170x405x1764244384.jpg"},{"@type":"WebSite","@id":"https:\/\/www.campingplatz-ankergrund.de\/#website","url":"https:\/\/www.campingplatz-ankergrund.de\/","name":"Campingplatz Ankergrund","description":"","potentialAction":[{"@type":"SearchAction","target":{"@type":"EntryPoint","urlTemplate":"https:\/\/www.campingplatz-ankergrund.de\/?s={search_term_string}"},"query-input":{"@type":"PropertyValueSpecification","valueRequired":true,"valueName":"search_term_string"}}],"inLanguage":"de"}]}},"brizy_media":[{"id":644,"url":"https:\/\/www.campingplatz-ankergrund.de\/wp-content\/uploads\/brizy\/643\/assets\/images\/31497baa2e00e112452502d07b26aff1.jpg","name":"31497baa2e00e112452502d07b26aff1.jpg","meta":{"brizy_attachment_uid":"31497baa2e00e112452502d07b26aff1.jpg","brizy_post_uid":["c777f71e6bc379ad19969f1323195daa"]}},{"id":645,"url":"https:\/\/www.campingplatz-ankergrund.de\/wp-content\/uploads\/brizy\/643\/assets\/images\/8572b420a750a129e9dc8aef8e695f9e.jpg","name":"8572b420a750a129e9dc8aef8e695f9e.jpg","meta":{"brizy_attachment_uid":"8572b420a750a129e9dc8aef8e695f9e.jpg","brizy_post_uid":["c777f71e6bc379ad19969f1323195daa"]}},{"id":647,"url":"https:\/\/www.campingplatz-ankergrund.de\/wp-content\/uploads\/brizy\/643\/assets\/images\/d9bf5aaf25c1c92510049467274b761e.jpg","name":"d9bf5aaf25c1c92510049467274b761e.jpg","meta":{"brizy_attachment_uid":"d9bf5aaf25c1c92510049467274b761e.jpg","brizy_post_uid":["c777f71e6bc379ad19969f1323195daa"]}},{"id":31180,"url":"https:\/\/www.campingplatz-ankergrund.de\/wp-content\/uploads\/2023\/06\/Biergarten.jpg","name":"Biergarten.jpg","meta":{"brizy_attachment_uid":"wp-e3a8447db342c3b0ba8c21c159ff253b.jpg","brizy_post_uid":["c777f71e6bc379ad19969f1323195daa"]}}],"_links":{"self":[{"href":"https:\/\/www.campingplatz-ankergrund.de\/index.php\/wp-json\/wp\/v2\/pages\/640","targetHints":{"allow":["GET"]}}],"collection":[{"href":"https:\/\/www.campingplatz-ankergrund.de\/index.php\/wp-json\/wp\/v2\/pages"}],"about":[{"href":"https:\/\/www.campingplatz-ankergrund.de\/index.php\/wp-json\/wp\/v2\/types\/page"}],"author":[{"embeddable":true,"href":"https:\/\/www.campingplatz-ankergrund.de\/index.php\/wp-json\/wp\/v2\/users\/2"}],"replies":[{"embeddable":true,"href":"https:\/\/www.campingplatz-ankergrund.de\/index.php\/wp-json\/wp\/v2\/comments?post=640"}],"version-history":[{"count":1,"href":"https:\/\/www.campingplatz-ankergrund.de\/index.php\/wp-json\/wp\/v2\/pages\/640\/revisions"}],"predecessor-version":[{"id":38598,"href":"https:\/\/www.campingplatz-ankergrund.de\/index.php\/wp-json\/wp\/v2\/pages\/640\/revisions\/38598"}],"wp:attachment":[{"href":"https:\/\/www.campingplatz-ankergrund.de\/index.php\/wp-json\/wp\/v2\/media?parent=640"}],"curies":[{"name":"wp","href":"https:\/\/api.w.org\/{rel}","templated":true}]}}