{"id":730,"date":"2021-02-21T12:25:30","date_gmt":"2021-02-21T11:25:30","guid":{"rendered":"https:\/\/www.campingplatz-ankergrund.de\/?page_id=730"},"modified":"2026-03-26T12:32:02","modified_gmt":"2026-03-26T11:32:02","slug":"veranstaltungen","status":"publish","type":"page","link":"https:\/\/www.campingplatz-ankergrund.de\/index.php\/veranstaltungen\/","title":{"rendered":"Veranstaltungen"},"content":{"rendered":"<div class=\"brz-root__container brz-reset-all brz brz-root__container-page\">\n<section id=\"_zljblpyqyhavdosfvqbmouewqxnqvbukuptf\" class=\"brz-section brz-css-80bnvl\">\n<div class=\"brz-section__content brz-section--boxed brz-css-bl1c18 brz-css-uu4q0c\" data-brz-custom-id=\"bcvrytrdcdnghivmicialawbfzhlougqzmlk\">\n<div class=\"brz-container brz-css-rqghrp\">\n<div id=\"\" class=\"brz-css-iobc14 brz-css-usnts0 brz-wrapper\">\n<div class=\"brz-rich-text brz-rich-text__custom brz-css-am3u34\" data-brz-custom-id=\"gvcczqxyijchbdxlinhnibikpfstoztclatw\">\n<div data-brz-translate-text=\"1\">\n<h1 class=\"brz-tp-lg-heading1 brz-text-lg-center brz-css-dTQuN\" data-uniq-id=\"zhilq\" data-generated-css=\"brz-css-focsa\"><span class=\"brz-cp-color3\">Veranstaltungen<\/span><\/h1>\n<\/div>\n<\/div>\n<\/div>\n<\/div>\n<\/div>\n<\/section>\n<section id=\"_rnrejdqtxoxuuwbhnthfiqdgurwtltthqtzy\" class=\"brz-section brz-css-80bnvl\">\n<div class=\"brz-section__content brz-section--boxed brz-css-bl1c18 brz-css-i1qoaf\" data-brz-custom-id=\"roazgdjcgifhvxlpfetprrqnrhkftzhppolh\">\n<div class=\"brz-bg\">\n<div class=\"brz-bg-image brz-bg-image-parallax\"><\/div>\n<\/div>\n<div class=\"brz-container brz-css-rqghrp\">\n<div id=\"\" class=\"brz-css-iobc14 brz-wrapper\">\n<div class=\"brz-image brz-css-94947k\" data-brz-custom-id=\"ipdtnybljgxkmpmbqpngjuathfdsyuhzthgc\"><a class=\"brz-a\" href=\"https:\/\/www.volkach.de\/veranstaltungen\/veranstaltungskalender\" target=\"_blank\" rel=\"noopener\" data-brz-link-type=\"external\"><img decoding=\"async\" class=\"brz-img\" src=\"https:\/\/www.campingplatz-ankergrund.de\/wp-content\/uploads\/brizy\/imgs\/Veranstaltungen-1170x655x0x123x1170x409x1727108261.jpg\" alt=\"\" loading=\"lazy\"><\/a><\/div>\n<\/div>\n<\/div>\n<\/div>\n<\/section>\n<section id=\"_nemxhwvphontriopdielfqwiobdtzcnvcayq\" class=\"brz-section brz-css-80bnvl\">\n<div class=\"brz-section__content brz-section--boxed brz-css-bl1c18 brz-css-1t73t2x\" data-brz-custom-id=\"azlsnavtzzjbmskplmyfddsyyxuvjwextzji\">\n<div class=\"brz-container brz-css-rqghrp\">\n<div id=\"\" class=\"brz-css-iobc14 brz-wrapper\">\n<div class=\"brz-rich-text brz-rich-text__custom brz-css-am3u34\" data-brz-custom-id=\"wfsxjoxobwtpabxabhsegtnbvdwgdzugrrxp\">\n<div data-brz-translate-text=\"1\">\n<h2 data-uniq-id=\"flzve\" data-generated-css=\"brz-css-kakas\" class=\"brz-text-lg-center brz-tp-lg-heading2 brz-css-nYNM7\"><span class=\"brz-cp-color3\">Fr\u00e4nkische Lebensfreude entdecken und genie\u00dfen<\/span><\/h2>\n<\/div>\n<\/div>\n<\/div>\n<div id=\"\" class=\"brz-css-iobc14 brz-wrapper\">\n<div class=\"brz-rich-text brz-rich-text__custom brz-css-am3u34\" data-brz-custom-id=\"qhgjqbbkwpjszzkcitrkpjvvouvcicfibacp\">\n<div data-brz-translate-text=\"1\">\n<p class=\"brz-text-lg-center brz-tp-lg-paragraph brz-css-jb1d_\" data-generated-css=\"brz-css-ftyxg\" data-uniq-id=\"glmpa\"><span class=\"brz-cp-color7\">Da wir ringsum von Weinbergen umgeben sind, liegt es nat\u00fcrlich nahe, dass vorz\u00fcglicher Frankenwein an geselligen Wein- und Winzerfesten zum Verkosten angeboten wird.&nbsp;Beispielsweise findet jeden August Frankens gr\u00f6\u00dftes Weinfest statt. Hier k\u00f6nnen Sie aus&nbsp;\u00fcber&nbsp;100 Frankenweinen Ihre Favoriten entdecken. Nat\u00fcrlich musikalisch untermalt, da ist f\u00fcr jeden Geschmack etwas dabei.<\/span><\/p>\n<p class=\"brz-text-lg-center brz-tp-lg-paragraph brz-css-trnwe\" data-generated-css=\"brz-css-feclu\" data-uniq-id=\"fxoas\"><span class=\"brz-cp-color7\"> <\/span><\/p>\n<p class=\"brz-text-lg-center brz-tp-lg-paragraph brz-css-qPk6q\" data-generated-css=\"brz-css-rutvd\" data-uniq-id=\"hzplv\"><span class=\"brz-cp-color7\">Des Weiteren finden in und um Volkach viele weitere Feste, M\u00e4rkte, Messen, Konzerte und Erlebniswanderungen statt.  <\/span><\/p>\n<p class=\"brz-text-lg-center brz-tp-lg-paragraph brz-css-nor5R\" data-generated-css=\"brz-css-ppjgi\" data-uniq-id=\"qqkhp\"><span class=\"brz-cp-color7\">Hier bekommen Sie alle Veranstaltungen des Jahres in der \u00dcbersicht und k\u00f6nnen einfach Ihre Kategorie ausw\u00e4hlen. <\/span><\/p>\n<p class=\"brz-text-lg-center brz-tp-lg-paragraph brz-css-reNvz\" data-generated-css=\"brz-css-occxz\" data-uniq-id=\"sxyce\"><strong class=\"brz-cp-color7\">Wir w\u00fcnschen Ihnen viel Spa\u00df beim Erleben!<\/strong><\/p>\n<\/div>\n<\/div>\n<\/div>\n<div id=\"\" class=\"brz-css-iobc14 brz-css-2ilbh3 brz-wrapper\">\n<div class=\"brz-spacer brz-css-56rtvs brz-css-1w6djqe\"><\/div>\n<\/div>\n<div class=\"brz-wrapper-clone brz-css-8bnzfk\">\n<div class=\"brz-d-xs-flex brz-flex-xs-wrap brz-css-1tu1aox\" data-brz-custom-id=\"\">\n<div class=\"brz-wrapper-clone__item\" id=\"ixmzkfolblymirdkrnkmcuyztzpfidfpvcpv\"><a class=\"brz-a brz-btn brz-css-1b1fkg3 brz-css-1u44d4i brz-css-1mh15f5 brz-css-t1dy2g\" href=\"https:\/\/www.volkach.de\/veranstaltungen\/veranstaltungskalender\" target=\"_blank\" rel=\"noopener\" data-brz-link-type=\"external\" data-brz-custom-id=\"ixmzkfolblymirdkrnkmcuyztzpfidfpvcpv\"><span data-brz-translate-text=\"1\" class=\"brz-span brz-text__editor\">ZUM VERANSTALTUNGSKALENDER<\/span><\/a><\/div>\n<\/div>\n<\/div>\n<div id=\"\" class=\"brz-css-iobc14 brz-css-2ilbh3 brz-wrapper\">\n<div class=\"brz-spacer brz-css-56rtvs brz-css-juxqoe\"><\/div>\n<\/div>\n<div id=\"\" class=\"brz-css-iobc14 brz-css-u7cyid brz-wrapper\">\n<div class=\"brz-line brz-line-default brz-css-1ytxrvj brz-css-y9vq49\" data-brz-custom-id=\"txfhlfzyxmhlacmslqbmjfrarthdklvwijiu\">\n<hr class=\"brz-hr\"><\/div>\n<\/div>\n<\/div>\n<\/div>\n<\/section>\n<\/div>\n<p>    <!-- version:1738063401 --><\/p>\n","protected":false},"excerpt":{"rendered":"<p>Veranstaltungen Fr\u00e4nkische Lebensfreude entdecken und genie\u00dfen Da wir ringsum von Weinbergen umgeben sind, liegt es nat\u00fcrlich nahe, dass vorz\u00fcglicher Frankenwein an geselligen Wein- und Winzerfesten zum Verkosten angeboten wird.&nbsp;Beispielsweise findet jeden August Frankens gr\u00f6\u00dftes Weinfest statt. Hier k\u00f6nnen Sie aus&nbsp;\u00fcber&nbsp;100 Frankenweinen Ihre Favoriten entdecken. Nat\u00fcrlich musikalisch untermalt, da ist f\u00fcr jeden Geschmack etwas dabei. Des [&hellip;]<\/p>\n","protected":false},"author":2,"featured_media":0,"parent":0,"menu_order":0,"comment_status":"closed","ping_status":"closed","template":"brizy-blank-template.php","meta":{"footnotes":""},"class_list":["post-730","page","type-page","status-publish","hentry"],"yoast_head":"<!-- This site is optimized with the Yoast SEO plugin v27.5 - https:\/\/yoast.com\/product\/yoast-seo-wordpress\/ -->\n<title>Veranstaltungen - Campingplatz Ankergrund<\/title>\n<meta name=\"description\" content=\"Fr\u00e4nkische Lebensfreude entdecken und genie\u00dfen. Hier bekommen Sie alle Veranstaltungen des Jahres in der \u00dcbersicht.\" \/>\n<meta name=\"robots\" content=\"index, follow, max-snippet:-1, max-image-preview:large, max-video-preview:-1\" \/>\n<link rel=\"canonical\" href=\"https:\/\/www.campingplatz-ankergrund.de\/index.php\/veranstaltungen\/\" \/>\n<meta property=\"og:locale\" content=\"de_DE\" \/>\n<meta property=\"og:type\" content=\"article\" \/>\n<meta property=\"og:title\" content=\"Veranstaltungen - Campingplatz Ankergrund\" \/>\n<meta property=\"og:description\" content=\"Fr\u00e4nkische Lebensfreude entdecken und genie\u00dfen. Hier bekommen Sie alle Veranstaltungen des Jahres in der \u00dcbersicht.\" \/>\n<meta property=\"og:url\" content=\"https:\/\/www.campingplatz-ankergrund.de\/index.php\/veranstaltungen\/\" \/>\n<meta property=\"og:site_name\" content=\"Campingplatz Ankergrund\" \/>\n<meta property=\"article:modified_time\" content=\"2026-03-26T11:32:02+00:00\" \/>\n<meta property=\"og:image\" content=\"https:\/\/www.campingplatz-ankergrund.de\/wp-content\/uploads\/brizy\/imgs\/Veranstaltungen-1170x655x0x123x1170x409x1727108261.jpg\" \/>\n<meta name=\"twitter:card\" content=\"summary_large_image\" \/>\n<meta name=\"twitter:label1\" content=\"Gesch\u00e4tzte Lesezeit\" \/>\n\t<meta name=\"twitter:data1\" content=\"2\u00a0Minuten\" \/>\n<script type=\"application\/ld+json\" class=\"yoast-schema-graph\">{\"@context\":\"https:\\\/\\\/schema.org\",\"@graph\":[{\"@type\":\"WebPage\",\"@id\":\"https:\\\/\\\/www.campingplatz-ankergrund.de\\\/index.php\\\/veranstaltungen\\\/\",\"url\":\"https:\\\/\\\/www.campingplatz-ankergrund.de\\\/index.php\\\/veranstaltungen\\\/\",\"name\":\"Veranstaltungen - Campingplatz Ankergrund\",\"isPartOf\":{\"@id\":\"https:\\\/\\\/www.campingplatz-ankergrund.de\\\/#website\"},\"primaryImageOfPage\":{\"@id\":\"https:\\\/\\\/www.campingplatz-ankergrund.de\\\/index.php\\\/veranstaltungen\\\/#primaryimage\"},\"image\":{\"@id\":\"https:\\\/\\\/www.campingplatz-ankergrund.de\\\/index.php\\\/veranstaltungen\\\/#primaryimage\"},\"thumbnailUrl\":\"https:\\\/\\\/www.campingplatz-ankergrund.de\\\/wp-content\\\/uploads\\\/brizy\\\/imgs\\\/Veranstaltungen-1170x655x0x123x1170x409x1727108261.jpg\",\"datePublished\":\"2021-02-21T11:25:30+00:00\",\"dateModified\":\"2026-03-26T11:32:02+00:00\",\"description\":\"Fr\u00e4nkische Lebensfreude entdecken und genie\u00dfen. Hier bekommen Sie alle Veranstaltungen des Jahres in der \u00dcbersicht.\",\"inLanguage\":\"de\",\"potentialAction\":[{\"@type\":\"ReadAction\",\"target\":[\"https:\\\/\\\/www.campingplatz-ankergrund.de\\\/index.php\\\/veranstaltungen\\\/\"]}]},{\"@type\":\"ImageObject\",\"inLanguage\":\"de\",\"@id\":\"https:\\\/\\\/www.campingplatz-ankergrund.de\\\/index.php\\\/veranstaltungen\\\/#primaryimage\",\"url\":\"https:\\\/\\\/www.campingplatz-ankergrund.de\\\/wp-content\\\/uploads\\\/brizy\\\/imgs\\\/Veranstaltungen-1170x655x0x123x1170x409x1727108261.jpg\",\"contentUrl\":\"https:\\\/\\\/www.campingplatz-ankergrund.de\\\/wp-content\\\/uploads\\\/brizy\\\/imgs\\\/Veranstaltungen-1170x655x0x123x1170x409x1727108261.jpg\"},{\"@type\":\"WebSite\",\"@id\":\"https:\\\/\\\/www.campingplatz-ankergrund.de\\\/#website\",\"url\":\"https:\\\/\\\/www.campingplatz-ankergrund.de\\\/\",\"name\":\"Campingplatz Ankergrund\",\"description\":\"\",\"potentialAction\":[{\"@type\":\"SearchAction\",\"target\":{\"@type\":\"EntryPoint\",\"urlTemplate\":\"https:\\\/\\\/www.campingplatz-ankergrund.de\\\/?s={search_term_string}\"},\"query-input\":{\"@type\":\"PropertyValueSpecification\",\"valueRequired\":true,\"valueName\":\"search_term_string\"}}],\"inLanguage\":\"de\"}]}<\/script>\n<!-- \/ Yoast SEO plugin. -->","yoast_head_json":{"title":"Veranstaltungen - Campingplatz Ankergrund","description":"Fr\u00e4nkische Lebensfreude entdecken und genie\u00dfen. Hier bekommen Sie alle Veranstaltungen des Jahres in der \u00dcbersicht.","robots":{"index":"index","follow":"follow","max-snippet":"max-snippet:-1","max-image-preview":"max-image-preview:large","max-video-preview":"max-video-preview:-1"},"canonical":"https:\/\/www.campingplatz-ankergrund.de\/index.php\/veranstaltungen\/","og_locale":"de_DE","og_type":"article","og_title":"Veranstaltungen - Campingplatz Ankergrund","og_description":"Fr\u00e4nkische Lebensfreude entdecken und genie\u00dfen. Hier bekommen Sie alle Veranstaltungen des Jahres in der \u00dcbersicht.","og_url":"https:\/\/www.campingplatz-ankergrund.de\/index.php\/veranstaltungen\/","og_site_name":"Campingplatz Ankergrund","article_modified_time":"2026-03-26T11:32:02+00:00","og_image":[{"url":"https:\/\/www.campingplatz-ankergrund.de\/wp-content\/uploads\/brizy\/imgs\/Veranstaltungen-1170x655x0x123x1170x409x1727108261.jpg","type":"","width":"","height":""}],"twitter_card":"summary_large_image","twitter_misc":{"Gesch\u00e4tzte Lesezeit":"2\u00a0Minuten"},"schema":{"@context":"https:\/\/schema.org","@graph":[{"@type":"WebPage","@id":"https:\/\/www.campingplatz-ankergrund.de\/index.php\/veranstaltungen\/","url":"https:\/\/www.campingplatz-ankergrund.de\/index.php\/veranstaltungen\/","name":"Veranstaltungen - Campingplatz Ankergrund","isPartOf":{"@id":"https:\/\/www.campingplatz-ankergrund.de\/#website"},"primaryImageOfPage":{"@id":"https:\/\/www.campingplatz-ankergrund.de\/index.php\/veranstaltungen\/#primaryimage"},"image":{"@id":"https:\/\/www.campingplatz-ankergrund.de\/index.php\/veranstaltungen\/#primaryimage"},"thumbnailUrl":"https:\/\/www.campingplatz-ankergrund.de\/wp-content\/uploads\/brizy\/imgs\/Veranstaltungen-1170x655x0x123x1170x409x1727108261.jpg","datePublished":"2021-02-21T11:25:30+00:00","dateModified":"2026-03-26T11:32:02+00:00","description":"Fr\u00e4nkische Lebensfreude entdecken und genie\u00dfen. Hier bekommen Sie alle Veranstaltungen des Jahres in der \u00dcbersicht.","inLanguage":"de","potentialAction":[{"@type":"ReadAction","target":["https:\/\/www.campingplatz-ankergrund.de\/index.php\/veranstaltungen\/"]}]},{"@type":"ImageObject","inLanguage":"de","@id":"https:\/\/www.campingplatz-ankergrund.de\/index.php\/veranstaltungen\/#primaryimage","url":"https:\/\/www.campingplatz-ankergrund.de\/wp-content\/uploads\/brizy\/imgs\/Veranstaltungen-1170x655x0x123x1170x409x1727108261.jpg","contentUrl":"https:\/\/www.campingplatz-ankergrund.de\/wp-content\/uploads\/brizy\/imgs\/Veranstaltungen-1170x655x0x123x1170x409x1727108261.jpg"},{"@type":"WebSite","@id":"https:\/\/www.campingplatz-ankergrund.de\/#website","url":"https:\/\/www.campingplatz-ankergrund.de\/","name":"Campingplatz Ankergrund","description":"","potentialAction":[{"@type":"SearchAction","target":{"@type":"EntryPoint","urlTemplate":"https:\/\/www.campingplatz-ankergrund.de\/?s={search_term_string}"},"query-input":{"@type":"PropertyValueSpecification","valueRequired":true,"valueName":"search_term_string"}}],"inLanguage":"de"}]}},"brizy_media":[{"id":734,"url":"https:\/\/www.campingplatz-ankergrund.de\/wp-content\/uploads\/brizy\/733\/assets\/images\/ba055bb6565b7fb79a9c53ce9fc2db89.jpg","name":"ba055bb6565b7fb79a9c53ce9fc2db89.jpg","meta":{"brizy_attachment_uid":"ba055bb6565b7fb79a9c53ce9fc2db89.jpg","brizy_post_uid":["1476d85edacc541c75c28dba091ca3fc"]}},{"id":735,"url":"https:\/\/www.campingplatz-ankergrund.de\/wp-content\/uploads\/brizy\/733\/assets\/images\/a7d4bfe61636219721482fa47a01c542.jpg","name":"a7d4bfe61636219721482fa47a01c542.jpg","meta":{"brizy_attachment_uid":"a7d4bfe61636219721482fa47a01c542.jpg","brizy_post_uid":["1476d85edacc541c75c28dba091ca3fc"]}},{"id":736,"url":"https:\/\/www.campingplatz-ankergrund.de\/wp-content\/uploads\/brizy\/733\/assets\/images\/a9da0972b64c661a94337f00d2a45dbf.jpg","name":"a9da0972b64c661a94337f00d2a45dbf.jpg","meta":{"brizy_attachment_uid":"a9da0972b64c661a94337f00d2a45dbf.jpg","brizy_post_uid":["1476d85edacc541c75c28dba091ca3fc"]}},{"id":737,"url":"https:\/\/www.campingplatz-ankergrund.de\/wp-content\/uploads\/brizy\/733\/assets\/images\/ab357fa2b00a09341440061fbf296274.jpg","name":"ab357fa2b00a09341440061fbf296274.jpg","meta":{"brizy_attachment_uid":"ab357fa2b00a09341440061fbf296274.jpg","brizy_post_uid":["1476d85edacc541c75c28dba091ca3fc"]}},{"id":19886,"url":"https:\/\/www.campingplatz-ankergrund.de\/wp-content\/uploads\/2022\/06\/Veranstaltungen.jpg","name":"Veranstaltungen.jpg","meta":{"brizy_attachment_uid":"wp-6c7ac947c5b9e4365d224643da6e3eb6.jpg","brizy_post_uid":["1476d85edacc541c75c28dba091ca3fc"]}}],"_links":{"self":[{"href":"https:\/\/www.campingplatz-ankergrund.de\/index.php\/wp-json\/wp\/v2\/pages\/730","targetHints":{"allow":["GET"]}}],"collection":[{"href":"https:\/\/www.campingplatz-ankergrund.de\/index.php\/wp-json\/wp\/v2\/pages"}],"about":[{"href":"https:\/\/www.campingplatz-ankergrund.de\/index.php\/wp-json\/wp\/v2\/types\/page"}],"author":[{"embeddable":true,"href":"https:\/\/www.campingplatz-ankergrund.de\/index.php\/wp-json\/wp\/v2\/users\/2"}],"replies":[{"embeddable":true,"href":"https:\/\/www.campingplatz-ankergrund.de\/index.php\/wp-json\/wp\/v2\/comments?post=730"}],"version-history":[{"count":0,"href":"https:\/\/www.campingplatz-ankergrund.de\/index.php\/wp-json\/wp\/v2\/pages\/730\/revisions"}],"wp:attachment":[{"href":"https:\/\/www.campingplatz-ankergrund.de\/index.php\/wp-json\/wp\/v2\/media?parent=730"}],"curies":[{"name":"wp","href":"https:\/\/api.w.org\/{rel}","templated":true}]}}